{"id":1800,"date":"2016-11-14T16:38:10","date_gmt":"2016-11-14T16:38:10","guid":{"rendered":"https:\/\/springprize.org\/about\/"},"modified":"2024-07-30T13:26:37","modified_gmt":"2024-07-30T12:26:37","slug":"about","status":"publish","type":"page","link":"https:\/\/springprize.org\/pt-pt\/about\/","title":{"rendered":"Sobre o Spring Prize"},"content":{"rendered":"<p>O Lush Spring Prize \u00e9 um fundo de pr\u00eamios bienal superior a \u00a3200.000, que inclui atividades de apoio e procura desenvolver a capacidade de reparar os sistemas danificados da Terra.<\/p>\n<p>\u00c9 uma iniciativa conjunta entre a Lush Cosmetics e a Ethical Consumer Research Association, onde ambas as organiza\u00e7\u00f5es moldam o desenvolvimento e a coordena\u00e7\u00e3o do projeto, enquanto integram o feedback daqueles que participam nos seus processos. <\/p>\n<p>Est\u00e3o inclu\u00eddos candidatos, projetos pr\u00e9-selecionados e vencedores de pr\u00eamios, respons\u00e1veis por decis\u00f5es, participantes de eventos, parceiros de m\u00eddia e parceiros de pr\u00eamios colaborativos (organiza\u00e7\u00f5es que contribu\u00edram com apoio, solidariedade e fundos para pr\u00eamios tem\u00e1ticos, por exemplo, a Be The Earth Foundation e a Permaculture Magazine).<\/p>\n<p>&nbsp;<br \/>\nLan\u00e7ado em 2017, o Spring Prize foi realizado por cinco ciclos de premia\u00e7\u00e3o. Durante esse per\u00edodo:<\/p>\n<ul>\n<li>Recebeu e analisou mais de 1.000 solicita\u00e7\u00f5es.<\/li>\n<li>Distribuiu \u00a31.055.500 para 67 projetos regenerativos em todo o mundo.<\/li>\n<li>Realizou cinco eventos de co-aprendizagem para explorar o tema da regenera\u00e7\u00e3o com os vencedores do pr\u00eamio e outros.<\/li>\n<li>Apoiou visitas de aprendizagem e financiou representantes de projetos para participar em eventos estrat\u00e9gicos nacionais ou internacionais.<\/li>\n<li>Criou duas organiza\u00e7\u00f5es irm\u00e3s &#8211; Regenerosity: <a href=\"https:\/\/www.regenerosity.world\/\"> www.regenerosity.world <\/a> and Re-Alliance: <a href=\"https:\/\/www.re-alliance.org\">www.re-alliance.org<\/a><\/li>\n<li>Concluiu uma revis\u00e3o de cinco anos.<\/li>\n<\/ul>\n<p>&nbsp;<br \/>\nComo resultado, tivemos uma diversidade de projetos pr\u00e9-selecionados, vencedores de pr\u00eamios e hist\u00f3rias que exploram o conceito de regenera\u00e7\u00e3o em uma variedade de contextos e em v\u00e1rios idiomas.<\/p>\n<p>&nbsp;<br \/>\n<iframe loading=\"lazy\" src=\"about:blank\" width=\"640\" height=\"360\" frameborder=\"0\" allow=\"autoplay; fullscreen; picture-in-picture\" allowfullscreen=\"\" class=\"lazyload\" data-src=\"https:\/\/player.vimeo.com\/video\/817638762?h=a8c398a241\"><\/iframe><\/p>\n<p>&nbsp;<\/p>\n<blockquote><p>&#8220;A inten\u00e7\u00e3o do Spring Prize era dar coer\u00eancia e alinhamento ao tema da regenera\u00e7\u00e3o. Com isso, foi poss\u00edvel reunir pessoas de diferentes movimentos para responder \u00e0 pergunta &#8220;o que \u00e9 regenera\u00e7\u00e3o&#8221; atrav\u00e9s da viv\u00eancia dessa quest\u00e3o. Os outros elementos que o Spring Prize ofereceu foram a acessibilidade e a participa\u00e7\u00e3o e uma plataforma global para grupos locais. <\/p>\n<p>Quanto mais converso com os financiadores, mais vejo que h\u00e1 pouco dinheiro chegando \u00e0s organiza\u00e7\u00f5es de base e ao trabalho real no local. O que o Spring Prize faz \u00e9 especial: oferece fundos irrestritos para apoiar o poder coletivo dos grupos locais&#8221;.<\/p><\/blockquote>\n<p><strong>Ruth Andrade<\/strong><\/p>\n<p>&nbsp;<br \/>\n&nbsp;<\/p>\n<p>&nbsp;<\/p>\n<h2>Por que iniciamos o Pr\u00eamio<\/h2>\n<p>Mais do que nunca, as pessoas precisam de exemplos do que \u00e9 a regenera\u00e7\u00e3o ecol\u00f3gica e social. No mundo em que a cultura dominante apresenta a viol\u00eancia e a destrui\u00e7\u00e3o como norma, os seres humanos precisam ver qual pode ser a alternativa positiva. Com milhares de candidatos ao Lush Spring Prize, vemos que as alternativas regenerativas est\u00e3o por a\u00ed e precisam ser celebradas.<\/p>\n<p>O Pr\u00eamio busca destacar e apoiar ativamente projetos de todo o mundo que estejam aumentando a capacidade das comunidades e sociedades para prosperar em harmonia com a natureza e entre si. Tamb\u00e9m espera aumentar o acesso a recursos, informa\u00e7\u00f5es e habilidades para criar alternativas \u00e0 cultura dominante de degenera\u00e7\u00e3o. Em poucas palavras:<\/p>\n<p>&nbsp;<br \/>\n<strong>A explora\u00e7\u00e3o j\u00e1 foi longe demais.<\/strong><\/p>\n<p>H\u00e1 um excesso situa\u00e7\u00f5es &#8216;ganha-perde&#8217;, onde um objetivo \u00e9 perseguido em detrimento de outro. A vantagem em curto prazo debilita a sobreviv\u00eancia em longo prazo; a economia cresce, mas o meio ambiente \u00e9 degradado, ou somente algumas pessoas se beneficiam do sofrimento de outras pessoas.<\/p>\n<p>&nbsp;<br \/>\n<strong>Sistemas inteiros precisam de aten\u00e7\u00e3o.<\/strong><\/p>\n<p>O nosso pr\u00f3prio bem-estar depende da sa\u00fade dos sistemas naturais e sociais e de muitos relacionamentos interconectados. Somos interdependentes, e as coisas poderiam ser melhor organizadas para beneficiar a todos.<\/p>\n<p>&nbsp;<br \/>\n<strong>Precisamos avan\u00e7ar al\u00e9m do &#8216;sustent\u00e1vel&#8217;.<\/strong><\/p>\n<p>A palavra \u2018sustent\u00e1vel\u2019 tem sido muito usada nos \u00faltimos 20 anos para descrever situa\u00e7\u00f5es que prolongam a situa\u00e7\u00e3o atual e mant\u00eam a desigualdade. <\/p>\n<p>Precisamos de meios de subsist\u00eancia que possam revitalizar e regenerar ambientes e comunidades danificadas.<\/p>\n<p>&nbsp;<\/p>\n<h2>O seu projeto pode participar?<\/h2>\n<p>Buscamos projetos que estejam contribuindo ativamente para a sa\u00fade de todos os sistemas do qual fazem parte.<br \/>\n<strong><a href=\"https:\/\/springprize.org\/pt-pt\/regeneration\/\">Saiba mais<\/a>.<\/strong><\/p>\n<p>&nbsp;<\/p>\n","protected":false},"excerpt":{"rendered":"<p>O Lush Spring Prize \u00e9 um fundo de pr\u00eamios bienal superior a \u00a3200.000, que inclui atividades de apoio e procura desenvolver a capacidade de reparar os sistemas danificados da Terra. \u00c9 uma iniciativa conjunta entre a Lush Cosmetics e a Ethical Consumer Research Association, onde ambas as organiza\u00e7\u00f5es moldam o desenvolvimento e a coordena\u00e7\u00e3o do [&hellip;]<\/p>\n","protected":false},"author":1,"featured_media":0,"parent":0,"menu_order":0,"comment_status":"closed","ping_status":"closed","template":"page-sidebar-content.php","meta":{"_acf_changed":false,"footnotes":""},"class_list":["post-1800","page","type-page","status-publish","hentry"],"acf":[],"yoast_head":"<!-- This site is optimized with the Yoast SEO plugin v27.5 - https:\/\/yoast.com\/product\/yoast-seo-wordpress\/ -->\n<title>Sobre o Spring Prize<\/title>\n<meta name=\"description\" content=\"A Ethical Consumer e a Lush Cosmetics lan\u00e7aram o Lush Spring Prize em 5 de dezembro de 2016.\" \/>\n<meta name=\"robots\" content=\"index, follow, max-snippet:-1, max-image-preview:large, max-video-preview:-1\" \/>\n<link rel=\"canonical\" href=\"https:\/\/springprize.org\/pt-pt\/about\/\" \/>\n<meta property=\"og:locale\" content=\"pt_PT\" \/>\n<meta property=\"og:type\" content=\"article\" \/>\n<meta property=\"og:title\" content=\"Sobre o Spring Prize\" \/>\n<meta property=\"og:description\" content=\"A Ethical Consumer e a Lush Cosmetics lan\u00e7aram o Lush Spring Prize em 5 de dezembro de 2016.\" \/>\n<meta property=\"og:url\" content=\"https:\/\/springprize.org\/pt-pt\/about\/\" \/>\n<meta property=\"og:site_name\" content=\"Lush Spring Prize\" \/>\n<meta property=\"article:publisher\" content=\"https:\/\/www.facebook.com\/lushspringprize\/\" \/>\n<meta property=\"article:modified_time\" content=\"2024-07-30T12:26:37+00:00\" \/>\n<meta property=\"og:image\" content=\"https:\/\/springprize.org\/wp-content\/uploads\/2021\/01\/Lush_Spring_Prize_500-1.jpg\" \/>\n\t<meta property=\"og:image:width\" content=\"500\" \/>\n\t<meta property=\"og:image:height\" content=\"500\" \/>\n\t<meta property=\"og:image:type\" content=\"image\/jpeg\" \/>\n<meta name=\"twitter:card\" content=\"summary_large_image\" \/>\n<meta name=\"twitter:site\" content=\"@lushspringprize\" \/>\n<meta name=\"twitter:label1\" content=\"Tempo estimado de leitura\" \/>\n\t<meta name=\"twitter:data1\" content=\"2 minutos\" \/>\n<script type=\"application\/ld+json\" class=\"yoast-schema-graph\">{\"@context\":\"https:\\\/\\\/schema.org\",\"@graph\":[{\"@type\":\"WebPage\",\"@id\":\"https:\\\/\\\/springprize.org\\\/pt-pt\\\/about\\\/\",\"url\":\"https:\\\/\\\/springprize.org\\\/pt-pt\\\/about\\\/\",\"name\":\"Sobre o Spring Prize\",\"isPartOf\":{\"@id\":\"https:\\\/\\\/springprize.org\\\/pt-pt\\\/#website\"},\"datePublished\":\"2016-11-14T16:38:10+00:00\",\"dateModified\":\"2024-07-30T12:26:37+00:00\",\"description\":\"A Ethical Consumer e a Lush Cosmetics lan\u00e7aram o Lush Spring Prize em 5 de dezembro de 2016.\",\"breadcrumb\":{\"@id\":\"https:\\\/\\\/springprize.org\\\/pt-pt\\\/about\\\/#breadcrumb\"},\"inLanguage\":\"pt-PT\",\"potentialAction\":[{\"@type\":\"ReadAction\",\"target\":[\"https:\\\/\\\/springprize.org\\\/pt-pt\\\/about\\\/\"]}]},{\"@type\":\"BreadcrumbList\",\"@id\":\"https:\\\/\\\/springprize.org\\\/pt-pt\\\/about\\\/#breadcrumb\",\"itemListElement\":[{\"@type\":\"ListItem\",\"position\":1,\"name\":\"Home\",\"item\":\"https:\\\/\\\/springprize.org\\\/pt-pt\\\/\"},{\"@type\":\"ListItem\",\"position\":2,\"name\":\"Sobre o Spring Prize\"}]},{\"@type\":\"WebSite\",\"@id\":\"https:\\\/\\\/springprize.org\\\/pt-pt\\\/#website\",\"url\":\"https:\\\/\\\/springprize.org\\\/pt-pt\\\/\",\"name\":\"Lush Spring Prize\",\"description\":\"For social and environmental regeneration\",\"publisher\":{\"@id\":\"https:\\\/\\\/springprize.org\\\/pt-pt\\\/#organization\"},\"potentialAction\":[{\"@type\":\"SearchAction\",\"target\":{\"@type\":\"EntryPoint\",\"urlTemplate\":\"https:\\\/\\\/springprize.org\\\/pt-pt\\\/?s={search_term_string}\"},\"query-input\":{\"@type\":\"PropertyValueSpecification\",\"valueRequired\":true,\"valueName\":\"search_term_string\"}}],\"inLanguage\":\"pt-PT\"},{\"@type\":\"Organization\",\"@id\":\"https:\\\/\\\/springprize.org\\\/pt-pt\\\/#organization\",\"name\":\"Lush Spring Prize\",\"url\":\"https:\\\/\\\/springprize.org\\\/pt-pt\\\/\",\"logo\":{\"@type\":\"ImageObject\",\"inLanguage\":\"pt-PT\",\"@id\":\"https:\\\/\\\/springprize.org\\\/pt-pt\\\/#\\\/schema\\\/logo\\\/image\\\/\",\"url\":\"https:\\\/\\\/springprize.org\\\/wp-content\\\/uploads\\\/2021\\\/01\\\/Lush_Spring_Prize_500-1.jpg\",\"contentUrl\":\"https:\\\/\\\/springprize.org\\\/wp-content\\\/uploads\\\/2021\\\/01\\\/Lush_Spring_Prize_500-1.jpg\",\"width\":500,\"height\":500,\"caption\":\"Lush Spring Prize\"},\"image\":{\"@id\":\"https:\\\/\\\/springprize.org\\\/pt-pt\\\/#\\\/schema\\\/logo\\\/image\\\/\"},\"sameAs\":[\"https:\\\/\\\/www.facebook.com\\\/lushspringprize\\\/\",\"https:\\\/\\\/x.com\\\/lushspringprize\"]}]}<\/script>\n<!-- \/ Yoast SEO plugin. -->","yoast_head_json":{"title":"Sobre o Spring Prize","description":"A Ethical Consumer e a Lush Cosmetics lan\u00e7aram o Lush Spring Prize em 5 de dezembro de 2016.","robots":{"index":"index","follow":"follow","max-snippet":"max-snippet:-1","max-image-preview":"max-image-preview:large","max-video-preview":"max-video-preview:-1"},"canonical":"https:\/\/springprize.org\/pt-pt\/about\/","og_locale":"pt_PT","og_type":"article","og_title":"Sobre o Spring Prize","og_description":"A Ethical Consumer e a Lush Cosmetics lan\u00e7aram o Lush Spring Prize em 5 de dezembro de 2016.","og_url":"https:\/\/springprize.org\/pt-pt\/about\/","og_site_name":"Lush Spring Prize","article_publisher":"https:\/\/www.facebook.com\/lushspringprize\/","article_modified_time":"2024-07-30T12:26:37+00:00","og_image":[{"width":500,"height":500,"url":"https:\/\/springprize.org\/wp-content\/uploads\/2021\/01\/Lush_Spring_Prize_500-1.jpg","type":"image\/jpeg"}],"twitter_card":"summary_large_image","twitter_site":"@lushspringprize","twitter_misc":{"Tempo estimado de leitura":"2 minutos"},"schema":{"@context":"https:\/\/schema.org","@graph":[{"@type":"WebPage","@id":"https:\/\/springprize.org\/pt-pt\/about\/","url":"https:\/\/springprize.org\/pt-pt\/about\/","name":"Sobre o Spring Prize","isPartOf":{"@id":"https:\/\/springprize.org\/pt-pt\/#website"},"datePublished":"2016-11-14T16:38:10+00:00","dateModified":"2024-07-30T12:26:37+00:00","description":"A Ethical Consumer e a Lush Cosmetics lan\u00e7aram o Lush Spring Prize em 5 de dezembro de 2016.","breadcrumb":{"@id":"https:\/\/springprize.org\/pt-pt\/about\/#breadcrumb"},"inLanguage":"pt-PT","potentialAction":[{"@type":"ReadAction","target":["https:\/\/springprize.org\/pt-pt\/about\/"]}]},{"@type":"BreadcrumbList","@id":"https:\/\/springprize.org\/pt-pt\/about\/#breadcrumb","itemListElement":[{"@type":"ListItem","position":1,"name":"Home","item":"https:\/\/springprize.org\/pt-pt\/"},{"@type":"ListItem","position":2,"name":"Sobre o Spring Prize"}]},{"@type":"WebSite","@id":"https:\/\/springprize.org\/pt-pt\/#website","url":"https:\/\/springprize.org\/pt-pt\/","name":"Lush Spring Prize","description":"For social and environmental regeneration","publisher":{"@id":"https:\/\/springprize.org\/pt-pt\/#organization"},"potentialAction":[{"@type":"SearchAction","target":{"@type":"EntryPoint","urlTemplate":"https:\/\/springprize.org\/pt-pt\/?s={search_term_string}"},"query-input":{"@type":"PropertyValueSpecification","valueRequired":true,"valueName":"search_term_string"}}],"inLanguage":"pt-PT"},{"@type":"Organization","@id":"https:\/\/springprize.org\/pt-pt\/#organization","name":"Lush Spring Prize","url":"https:\/\/springprize.org\/pt-pt\/","logo":{"@type":"ImageObject","inLanguage":"pt-PT","@id":"https:\/\/springprize.org\/pt-pt\/#\/schema\/logo\/image\/","url":"https:\/\/springprize.org\/wp-content\/uploads\/2021\/01\/Lush_Spring_Prize_500-1.jpg","contentUrl":"https:\/\/springprize.org\/wp-content\/uploads\/2021\/01\/Lush_Spring_Prize_500-1.jpg","width":500,"height":500,"caption":"Lush Spring Prize"},"image":{"@id":"https:\/\/springprize.org\/pt-pt\/#\/schema\/logo\/image\/"},"sameAs":["https:\/\/www.facebook.com\/lushspringprize\/","https:\/\/x.com\/lushspringprize"]}]}},"_links":{"self":[{"href":"https:\/\/springprize.org\/pt-pt\/wp-json\/wp\/v2\/pages\/1800","targetHints":{"allow":["GET"]}}],"collection":[{"href":"https:\/\/springprize.org\/pt-pt\/wp-json\/wp\/v2\/pages"}],"about":[{"href":"https:\/\/springprize.org\/pt-pt\/wp-json\/wp\/v2\/types\/page"}],"author":[{"embeddable":true,"href":"https:\/\/springprize.org\/pt-pt\/wp-json\/wp\/v2\/users\/1"}],"replies":[{"embeddable":true,"href":"https:\/\/springprize.org\/pt-pt\/wp-json\/wp\/v2\/comments?post=1800"}],"version-history":[{"count":2,"href":"https:\/\/springprize.org\/pt-pt\/wp-json\/wp\/v2\/pages\/1800\/revisions"}],"predecessor-version":[{"id":15272,"href":"https:\/\/springprize.org\/pt-pt\/wp-json\/wp\/v2\/pages\/1800\/revisions\/15272"}],"wp:attachment":[{"href":"https:\/\/springprize.org\/pt-pt\/wp-json\/wp\/v2\/media?parent=1800"}],"curies":[{"name":"wp","href":"https:\/\/api.w.org\/{rel}","templated":true}]}}